{"id":3611,"date":"2021-05-18T15:27:49","date_gmt":"2021-05-18T15:27:49","guid":{"rendered":"https:\/\/2021.worldpartnershipwalk.com\/fundraising-recognition\/"},"modified":"2026-03-01T22:20:13","modified_gmt":"2026-03-01T22:20:13","slug":"fundraising-recognition","status":"publish","type":"page","link":"https:\/\/www.worldpartnershipwalk.com\/fr\/fundraising-recognition\/","title":{"rendered":"Reconnaissance des collecteurs de fonds"},"content":{"rendered":"<div class=\"wpb-content-wrapper\"><p>[vc_row][vc_column][vc_custom_heading text=\u00a0\u00bbMerci d\u2019avoir recueilli des fonds pour la Marche des partenaires mondiaux. \u00a0\u00bb css=\u00a0\u00bb\u00a0\u00bb][vc_column_text css=\u00a0\u00bb\u00a0\u00bb]En guise de remerciements, nous sommes heureux d\u2019offrir un T-shirt de la campagne 2026 \u00e0 chaque personne qui recueillera 250\u00a0$ ou plus! Faites un pas en avant et portez-le fi\u00e8rement comme symbole de votre engagement \u00e0 lutter contre la pauvret\u00e9. Les personnes qui marcheront \u00e0 Toronto, Vancouver, Calgary et Edmonton doivent r\u00e9cup\u00e9rer leur T-shirt le jour de la Marche (le 31 mai).[\/vc_column_text][vc_empty_space][\/vc_column][\/vc_row][vc_row full_width=\u00a0\u00bbstretch_row\u00a0\u00bb equal_height=\u00a0\u00bbyes\u00a0\u00bb content_placement=\u00a0\u00bbmiddle\u00a0\u00bb disable_element=\u00a0\u00bbyes\u00a0\u00bb el_class=\u00a0\u00bblargerscreen\u00a0\u00bb][vc_column width=\u00a0\u00bb2\/5&Prime;][vc_custom_heading text=\u00a0\u00bbR\u00e9compenses : amassez 250$ pour obtenir un t-shirt de la Marche 2025!\u00a0\u00bb font_container=\u00a0\u00bbtag:h2|font_size:30px|text_align:left\u00a0\u00bb google_fonts=\u00a0\u00bbfont_family:Poppins%3Aregular|font_style:700%20bold%20regular%3A700%3Anormal\u00a0\u00bb css=\u00a0\u00bb\u00a0\u00bb][vc_column_text css=\u00a0\u00bb\u00a0\u00bb]Les participants qui collectent 250 $ ou plus recevront un t-shirt de la Marche 2025.[\/vc_column_text][\/vc_column][vc_column width=\u00a0\u00bb3\/5&Prime; css=\u00a0\u00bb.vc_custom_1634926375620{background-position: center !important;background-repeat: no-repeat !important;background-size: contain !important;}\u00a0\u00bb][vc_single_image image=\u00a0\u00bb8994&Prime; img_size=\u00a0\u00bbmedium\u00a0\u00bb alignment=\u00a0\u00bbcenter\u00a0\u00bb style=\u00a0\u00bbvc_box_rounded\u00a0\u00bb css=\u00a0\u00bb\u00a0\u00bb][\/vc_column][\/vc_row][vc_row full_width=\u00a0\u00bbstretch_row\u00a0\u00bb equal_height=\u00a0\u00bbyes\u00a0\u00bb content_placement=\u00a0\u00bbmiddle\u00a0\u00bb disable_element=\u00a0\u00bbyes\u00a0\u00bb el_class=\u00a0\u00bblargerscreen\u00a0\u00bb][vc_column width=\u00a0\u00bb2\/5&Prime;][vc_column_text css=\u00a0\u00bb\u00a0\u00bb]<\/p>\n<p class=\"null\"><strong>Nouveau en 2025 : t-shirt de la Marche pour les jeunes<\/strong><\/p>\n<p>Nous avons con\u00e7u un t-shirt de la Marche exclusivement pour les jeunes! Recueillir un minimum de 250 $ et s\u00e9lectionnez la taille un 2T, 4T, 5T, jeunesse S, or jeunesse L pour recevoir ce design amusant et unique![\/vc_column_text][\/vc_column][vc_column width=\u00a0\u00bb3\/5&Prime; css=\u00a0\u00bb.vc_custom_1634926375620{background-position: center !important;background-repeat: no-repeat !important;background-size: contain !important;}\u00a0\u00bb][vc_single_image image=\u00a0\u00bb8996&Prime; img_size=\u00a0\u00bbmedium\u00a0\u00bb alignment=\u00a0\u00bbcenter\u00a0\u00bb style=\u00a0\u00bbvc_box_rounded\u00a0\u00bb css=\u00a0\u00bb\u00a0\u00bb][\/vc_column][\/vc_row][vc_row disable_element=\u00a0\u00bbyes\u00a0\u00bb][vc_column][vc_empty_space][\/vc_column][\/vc_row][vc_row disable_element=\u00a0\u00bbyes\u00a0\u00bb][vc_column][vc_column_text]<strong>Veuillez noter :<\/strong> pour pouvoir b\u00e9n\u00e9ficier des cadeaux et des prix d&rsquo;encouragement, les collecteurs de fonds doivent recevoir au moins un don d&rsquo;une autre personne.[\/vc_column_text][\/vc_column][\/vc_row][vc_row full_width=\u00a0\u00bbstretch_row\u00a0\u00bb equal_height=\u00a0\u00bbyes\u00a0\u00bb content_placement=\u00a0\u00bbmiddle\u00a0\u00bb disable_element=\u00a0\u00bbyes\u00a0\u00bb el_class=\u00a0\u00bblargerscreen\u00a0\u00bb][vc_column width=\u00a0\u00bb1\/2&Prime; css=\u00a0\u00bb.vc_custom_1634926332666{background-position: center !important;background-repeat: no-repeat !important;background-size: contain !important;}\u00a0\u00bb][vc_custom_heading text=\u00a0\u00bbPrix pour les meilleures \u00e9quipes et collecteurs de fonds\u00a0\u00bb font_container=\u00a0\u00bbtag:h3|font_size:30px|text_align:left\u00a0\u00bb google_fonts=\u00a0\u00bbfont_family:Poppins%3Aregular|font_style:700%20bold%20regular%3A700%3Anormal\u00a0\u00bb][vc_column_text]Nous savons que diriger une \u00e9quipe et collecter des fonds demandent du temps et de l&rsquo;engagement. Afin de reconna\u00eetre les meilleures \u00e9quipes et les meilleurs collecteurs de fonds, nous remettrons les prix suivants :<\/p>\n<ul>\n<li>Meilleures \u00e9quipes : les capitaines des cinq meilleures \u00e9quipes de chaque ville recevront une \u00e9pinglette de r\u00e9compense et un certificat.<\/li>\n<li>Meilleurs collecteurs de fonds : les dix meilleurs collecteurs de fonds de chaque ville recevront une \u00e9pinglette de r\u00e9compense.<\/li>\n<\/ul>\n<p>Nos gagnants serons annonc\u00e9 sur notre site web et media sociaux. La date limite pour se qualifier pour les prix est le 19 juin 2022.[\/vc_column_text][vc_column_text][\/vc_column_text][\/vc_column][vc_column width=\u00a0\u00bb5\/12&Prime;][vc_single_image image=\u00a0\u00bb6768&Prime; img_size=\u00a0\u00bblarge\u00a0\u00bb alignment=\u00a0\u00bbcenter\u00a0\u00bb style=\u00a0\u00bbvc_box_rounded\u00a0\u00bb][\/vc_column][vc_column width=\u00a0\u00bb1\/12&Prime;][\/vc_column][\/vc_row]<\/p>\n<\/div>","protected":false},"excerpt":{"rendered":"<p>[vc_row][vc_column][vc_custom_heading text=\u00a0\u00bbMerci d\u2019avoir recueilli des fonds pour la Marche des partenaires mondiaux. \u00a0\u00bb css=\u00a0\u00bb\u00a0\u00bb][vc_column_text css=\u00a0\u00bb\u00a0\u00bb]En guise de remerciements, nous sommes\u2026<\/p>\n","protected":false},"author":2,"featured_media":0,"parent":0,"menu_order":0,"comment_status":"closed","ping_status":"closed","template":"","meta":{"footnotes":""},"class_list":["post-3611","page","type-page","status-publish","hentry"],"_links":{"self":[{"href":"https:\/\/www.worldpartnershipwalk.com\/fr\/wp-json\/wp\/v2\/pages\/3611","targetHints":{"allow":["GET"]}}],"collection":[{"href":"https:\/\/www.worldpartnershipwalk.com\/fr\/wp-json\/wp\/v2\/pages"}],"about":[{"href":"https:\/\/www.worldpartnershipwalk.com\/fr\/wp-json\/wp\/v2\/types\/page"}],"author":[{"embeddable":true,"href":"https:\/\/www.worldpartnershipwalk.com\/fr\/wp-json\/wp\/v2\/users\/2"}],"replies":[{"embeddable":true,"href":"https:\/\/www.worldpartnershipwalk.com\/fr\/wp-json\/wp\/v2\/comments?post=3611"}],"version-history":[{"count":20,"href":"https:\/\/www.worldpartnershipwalk.com\/fr\/wp-json\/wp\/v2\/pages\/3611\/revisions"}],"predecessor-version":[{"id":9529,"href":"https:\/\/www.worldpartnershipwalk.com\/fr\/wp-json\/wp\/v2\/pages\/3611\/revisions\/9529"}],"wp:attachment":[{"href":"https:\/\/www.worldpartnershipwalk.com\/fr\/wp-json\/wp\/v2\/media?parent=3611"}],"curies":[{"name":"wp","href":"https:\/\/api.w.org\/{rel}","templated":true}]}}