{"id":3615,"date":"2021-05-18T15:28:47","date_gmt":"2021-05-18T15:28:47","guid":{"rendered":"https:\/\/2021.worldpartnershipwalk.com\/how-the-2021-campaign-works\/"},"modified":"2021-07-15T20:39:50","modified_gmt":"2021-07-15T20:39:50","slug":"au-sujet-de-la-campagne-2021","status":"publish","type":"page","link":"https:\/\/www.worldpartnershipwalk.com\/fr\/au-sujet-de-la-campagne-2021\/","title":{"rendered":"Au sujet de la campagne 2021"},"content":{"rendered":"<div class=\"wpb-content-wrapper\"><p>[vc_section el_class=\u00a0\u00bblargerscreen\u00a0\u00bb][vc_row content_placement=\u00a0\u00bbmiddle\u00a0\u00bb][vc_column width=\u00a0\u00bb3\/5&Prime;][vc_custom_heading text=\u00a0\u00bbFaites un pas en avant. Combattez la pauvret\u00e9 dans le monde.\u00a0\u00bb font_container=\u00a0\u00bbtag:h2|font_size:30|text_align:left\u00a0\u00bb google_fonts=\u00a0\u00bbfont_family:Poppins%3Aregular|font_style:700%20bold%20regular%3A700%3Anormal\u00a0\u00bb][vc_row_inner][vc_column_inner][vc_column_text]La Marche sera virtuelle cette ann\u00e9e encore, et nous vous invitons \u00e0 faire un pas en avant pour contribuer \u00e0 la lutte contre la pauvret\u00e9 dans le monde! Mettez-vous au d\u00e9fi, vous et votre famille ou votre \u00e9quipe, de passer \u00e0 l\u2019acte et de faire des pas cet automne.<\/p>\n<p>Dans le cadre de la\u202fcampagne, nous\u202fvous\u202femm\u00e8nerons\u202fen\u202fvoyage\u202fvirtuel\u202fpour\u202fd\u00e9couvrir\u202fde premi\u00e8re main\u202fle travail de la\u202fFondation\u202fAga Khan Canada et\u202fvous\u202fdonner un\u202favant-go\u00fbt\u202fdu terrain sans que\u202fvous\u202fayez\u202f\u00e0 quitter\u202fvotre\u202fdomicile. Au\u202fcours\u202fde\u202fce\u202fvoyage,\u202fvous\u202frencontrerez\u202fdes femmes et des hommes qui\u202ffont des pas\u202fen\u202favant\u202fpour\u202fcontribuer\u202fau\u202fchangement\u202fdans\u202fleurs\u202fcommunaut\u00e9s\u202frespectives,\u202fgr\u00e2ce aux\u202fmesures\u202fque nous\u202fprenons\u202fici\u202fau Canada.<\/p>\n<p>Il y aura\u202f\u00e9galement\u202fdes\u202fd\u00e9fis\u202fphysiques pour\u202fvous\u202ffaire\u202fbouger\u202fet des\u202fincitations\u202fpour\u202fstimuler\u202fvotre\u202fcollecte\u202fde fonds\u202fen\u202fcours\u202fde route![\/vc_column_text][vc_btn title=\u00a0\u00bbInscrivez-vous\u00a0\u00bb style=\u00a0\u00bbcustom\u00a0\u00bb custom_background=\u00a0\u00bb#f37121&Prime; custom_text=\u00a0\u00bb#ffffff\u00a0\u00bb size=\u00a0\u00bblg\u00a0\u00bb align=\u00a0\u00bbleft\u00a0\u00bb link=\u00a0\u00bburl:https%3A%2F%2Fwww.worldpartnershipwalk.com%2Ffr%2Fget-involved%2Fsinscrire%2F|title:S%27inscrire|\u00a0\u00bb][\/vc_column_inner][\/vc_row_inner][\/vc_column][vc_column width=\u00a0\u00bb2\/5&Prime;][vc_gallery type=\u00a0\u00bbflexslider_slide\u00a0\u00bb interval=\u00a0\u00bb3&Prime; images=\u00a0\u00bb4526,4528&Prime; img_size=\u00a0\u00bbfull\u00a0\u00bb css=\u00a0\u00bb.vc_custom_1626041484056{padding-top: 64px !important;}\u00a0\u00bb][\/vc_column][\/vc_row][\/vc_section][vc_row][vc_column][vc_empty_space height=\u00a0\u00bb64px\u00a0\u00bb][\/vc_column][\/vc_row][vc_section full_width=\u00a0\u00bbstretch_row\u00a0\u00bb css=\u00a0\u00bb.vc_custom_1626038639434{background-color: rgba(243,113,33,0.13) !important;*background-color: rgb(243,113,33) !important;}\u00a0\u00bb][vc_row][vc_column][vc_custom_heading text=\u00a0\u00bbComment cela fonctionne\u00a0\u00bb font_container=\u00a0\u00bbtag:h2|font_size:30px|text_align:center\u00a0\u00bb google_fonts=\u00a0\u00bbfont_family:Poppins%3Aregular|font_style:700%20bold%20regular%3A700%3Anormal\u00a0\u00bb][vc_empty_space][\/vc_column][\/vc_row][vc_row][vc_column width=\u00a0\u00bb1\/5&Prime;][vc_icon icon_fontawesome=\u00a0\u00bbfar fa-hand-paper\u00a0\u00bb color=\u00a0\u00bbcustom\u00a0\u00bb size=\u00a0\u00bbxl\u00a0\u00bb align=\u00a0\u00bbcenter\u00a0\u00bb custom_color=\u00a0\u00bb#222222&Prime;][vc_custom_heading text=\u00a0\u00bb1. Inscrivez-vous!\u00a0\u00bb font_container=\u00a0\u00bbtag:h4|text_align:center|color:%23f37121&Prime; google_fonts=\u00a0\u00bbfont_family:Poppins%3Aregular|font_style:700%20bold%20regular%3A700%3Anormal\u00a0\u00bb][vc_column_text]<\/p>\n<p style=\"text-align: center;\">Cr\u00e9ez ou rejoignez une \u00e9quipe ou inscrivez-vous en tant que participant(e) individuel(le).<\/p>\n<p>[\/vc_column_text][\/vc_column][vc_column width=\u00a0\u00bb1\/5&Prime;][vc_icon icon_fontawesome=\u00a0\u00bbfas fa-walking\u00a0\u00bb color=\u00a0\u00bbcustom\u00a0\u00bb size=\u00a0\u00bbxl\u00a0\u00bb align=\u00a0\u00bbcenter\u00a0\u00bb custom_color=\u00a0\u00bb#222222&Prime;][vc_custom_heading text=\u00a0\u00bb2. Faites un pas en avant.\u00a0\u00bb font_container=\u00a0\u00bbtag:h4|text_align:center|color:%23f37121&Prime; google_fonts=\u00a0\u00bbfont_family:Poppins%3Aregular|font_style:700%20bold%20regular%3A700%3Anormal\u00a0\u00bb][vc_column_text]<\/p>\n<p style=\"text-align: center;\">Marchez, courez ou bougez. Il y aura des d\u00e9fis pour vous aider \u00e0 rester actif, active tout au long du parcours!<\/p>\n<p>[\/vc_column_text][\/vc_column][vc_column width=\u00a0\u00bb1\/5&Prime;][vc_icon icon_fontawesome=\u00a0\u00bbfas fa-dollar-sign\u00a0\u00bb color=\u00a0\u00bbcustom\u00a0\u00bb size=\u00a0\u00bbxl\u00a0\u00bb align=\u00a0\u00bbcenter\u00a0\u00bb custom_color=\u00a0\u00bb#222222&Prime;][vc_custom_heading text=\u00a0\u00bb3. Collectez des fonds.\u00a0\u00bb font_container=\u00a0\u00bbtag:h4|text_align:center|color:%23f37121&Prime; google_fonts=\u00a0\u00bbfont_family:Poppins%3Aregular|font_style:700%20bold%20regular%3A700%3Anormal\u00a0\u00bb][vc_column_text]<\/p>\n<p style=\"text-align: center;\">Faites appel \u00e0 votre r\u00e9seau et collectez des fonds pour aider \u00e0 lutter contre la pauvret\u00e9 dans le monde.<\/p>\n<p>[\/vc_column_text][\/vc_column][vc_column width=\u00a0\u00bb1\/5&Prime;][vc_icon icon_fontawesome=\u00a0\u00bbfas fa-globe-africa\u00a0\u00bb color=\u00a0\u00bbcustom\u00a0\u00bb size=\u00a0\u00bbxl\u00a0\u00bb align=\u00a0\u00bbcenter\u00a0\u00bb custom_color=\u00a0\u00bb#222222&Prime;][vc_custom_heading text=\u00a0\u00bb4. Constatez l\u2019effet.\u00a0\u00bb font_container=\u00a0\u00bbtag:h4|text_align:center|color:%23f37121&Prime; google_fonts=\u00a0\u00bbfont_family:Poppins%3Aregular|font_style:700%20bold%20regular%3A700%3Anormal\u00a0\u00bb][vc_column_text]<\/p>\n<p style=\"text-align: center;\">Visitez num\u00e9riquement quatre pays lors du Voyage virtuel et faites rayonner l\u2019effet dans votre r\u00e9seau.<\/p>\n<p>[\/vc_column_text][\/vc_column][vc_column width=\u00a0\u00bb1\/5&Prime;][vc_icon icon_fontawesome=\u00a0\u00bbfar fa-calendar\u00a0\u00bb color=\u00a0\u00bbcustom\u00a0\u00bb size=\u00a0\u00bbxl\u00a0\u00bb align=\u00a0\u00bbcenter\u00a0\u00bb custom_color=\u00a0\u00bb#222222&Prime;][vc_custom_heading text=\u00a0\u00bb5. C\u00e9l\u00e9brez.\u00a0\u00bb font_container=\u00a0\u00bbtag:h4|text_align:center|color:%23f37121&Prime; google_fonts=\u00a0\u00bbfont_family:Poppins%3Aregular|font_style:700%20bold%20regular%3A700%3Anormal\u00a0\u00bb][vc_column_text]<\/p>\n<p style=\"text-align: center;\">Rejoignez-nous le 5 d\u00e9cembre lors de notre \u00e9v\u00e9nement de c\u00e9l\u00e9bration virtuel.<\/p>\n<p>[\/vc_column_text][\/vc_column][\/vc_row][vc_row][vc_column][vc_empty_space][\/vc_column][\/vc_row][\/vc_section][vc_row full_width=\u00a0\u00bbstretch_row_content\u00a0\u00bb equal_height=\u00a0\u00bbyes\u00a0\u00bb content_placement=\u00a0\u00bbmiddle\u00a0\u00bb el_class=\u00a0\u00bblargerscreen\u00a0\u00bb css=\u00a0\u00bb.vc_custom_1626353303305{background-color: #fafafa !important;}\u00a0\u00bb][vc_column width=\u00a0\u00bb1\/12&Prime;][\/vc_column][vc_column width=\u00a0\u00bb5\/12&Prime;][vc_custom_heading text=\u00a0\u00bbL\u2019impact\u00a0\u00bb font_container=\u00a0\u00bbtag:h2|font_size:30px|text_align:left\u00a0\u00bb google_fonts=\u00a0\u00bbfont_family:Poppins%3Aregular|font_style:700%20bold%20regular%3A700%3Anormal\u00a0\u00bb][vc_column_text]Les fonds amass\u00e9s gr\u00e2ce \u00e0 la Marche soutiendront le large \u00e9ventail d\u2019activit\u00e9s de la Fondation Aga Khan Canada visant \u00e0 r\u00e9duire la pauvret\u00e9 en Afrique et en Asie. Cela comprend des programmes visant \u00e0 am\u00e9liorer les soins de sant\u00e9, l\u2019\u00e9ducation et l\u2019\u00e9galit\u00e9 des sexes. Ces programmes se sont adapt\u00e9s pour r\u00e9pondre aux effets de la pand\u00e9mie, de la cr\u00e9ation de centres de traitement COVID-19 \u00e0 la formation des travailleurs de la sant\u00e9, en passant par la garantie que les \u00e9tudiants peuvent continuer \u00e0 apprendre pendant les p\u00e9riodes de confinement.<\/p>\n<p>En vous inscrivant en tant que participant ou en faisant un don, vous contribuerez \u00e0 ce travail essentiel \u00e0 une \u00e9poque o\u00f9 le monde a le plus besoin de nous.[\/vc_column_text][\/vc_column][vc_column width=\u00a0\u00bb1\/2&Prime; css=\u00a0\u00bb.vc_custom_1626041914989{background-image: url(https:\/\/www.worldpartnershipwalk.com\/wp-content\/uploads\/2021\/07\/Kenya-Lipesa_crop.jpeg?id=4532) !important;background-position: center !important;background-repeat: no-repeat !important;background-size: cover !important;}\u00a0\u00bb][\/vc_column][\/vc_row][vc_section full_width=\u00a0\u00bbstretch_row\u00a0\u00bb disable_element=\u00a0\u00bbyes\u00a0\u00bb css=\u00a0\u00bb.vc_custom_1626039737363{background-position: center !important;background-repeat: no-repeat !important;background-size: cover !important;}\u00a0\u00bb][vc_row][vc_column][vc_custom_heading text=\u00a0\u00bbL\u2019impact\u00a0\u00bb font_container=\u00a0\u00bbtag:h2|font_size:30px|text_align:left\u00a0\u00bb google_fonts=\u00a0\u00bbfont_family:Poppins%3Aregular|font_style:700%20bold%20regular%3A700%3Anormal\u00a0\u00bb][vc_empty_space][\/vc_column][\/vc_row][vc_row][vc_column width=\u00a0\u00bb2\/3&Prime;][vc_column_text]Les fonds amass\u00e9s gr\u00e2ce \u00e0 la Marche soutiendront le large \u00e9ventail d\u2019activit\u00e9s de la Fondation Aga Khan Canada visant \u00e0 r\u00e9duire la pauvret\u00e9 en Afrique et en Asie. Cela comprend des programmes visant \u00e0 am\u00e9liorer les soins de sant\u00e9, l\u2019\u00e9ducation et l\u2019\u00e9galit\u00e9 des sexes. Ces programmes se sont adapt\u00e9s pour r\u00e9pondre aux effets de la pand\u00e9mie, de la cr\u00e9ation de centres de traitement COVID-19 \u00e0 la formation des travailleurs de la sant\u00e9, en passant par la garantie que les \u00e9tudiants peuvent continuer \u00e0 apprendre pendant les p\u00e9riodes de confinement.<\/p>\n<p>En vous inscrivant en tant que participant ou en faisant un don, vous contribuerez \u00e0 ce travail essentiel \u00e0 une \u00e9poque o\u00f9 le monde a le plus besoin de nous.[\/vc_column_text][\/vc_column][vc_column width=\u00a0\u00bb1\/3&Prime;][vc_single_image image=\u00a0\u00bb4394&Prime; img_size=\u00a0\u00bbfull\u00a0\u00bb][\/vc_column][\/vc_row][vc_row][vc_column][vc_empty_space][\/vc_column][\/vc_row][\/vc_section][vc_section][vc_row][vc_column][vc_empty_space][\/vc_column][\/vc_row][vc_row][vc_column width=\u00a0\u00bb1\/6&Prime;][\/vc_column][vc_column width=\u00a0\u00bb2\/3&Prime;][vc_custom_heading text=\u00a0\u00bbJoignez-vous \u00e0 la Marche des partenaires mondiaux 2021&Prime; font_container=\u00a0\u00bbtag:h2|font_size:30px|text_align:center\u00a0\u00bb google_fonts=\u00a0\u00bbfont_family:Poppins%3Aregular|font_style:700%20bold%20regular%3A700%3Anormal\u00a0\u00bb][vc_column_text]<\/p>\n<p style=\"text-align: center;\">Faites le premier pas et inscrivez-vous \u00e0 la Marche des partenaires mondiaux. En faisant un pas en avant au niveau local, vous aurez un effet significatif au niveau mondial. Pour vous inscrire, commencez par s\u00e9lectionner votre ville.<\/p>\n<p>[\/vc_column_text][vc_btn title=\u00a0\u00bbINSCRIVEZ-VOUS AUJOURD&rsquo;HUI\u00a0\u00bb style=\u00a0\u00bbcustom\u00a0\u00bb custom_background=\u00a0\u00bb#f37121&Prime; custom_text=\u00a0\u00bb#ffffff\u00a0\u00bb size=\u00a0\u00bblg\u00a0\u00bb align=\u00a0\u00bbcenter\u00a0\u00bb link=\u00a0\u00bburl:https%3A%2F%2Fwww.worldpartnershipwalk.com%2Ffr%2Fget-involved%2Fsinscrire%2F|title:S%27inscrire|\u00a0\u00bb][\/vc_column][vc_column width=\u00a0\u00bb1\/6&Prime;][\/vc_column][\/vc_row][\/vc_section][vc_row][vc_column][\/vc_column][\/vc_row]<\/p>\n<\/div>","protected":false},"excerpt":{"rendered":"<p>[vc_section el_class=\u00a0\u00bblargerscreen\u00a0\u00bb][vc_row content_placement=\u00a0\u00bbmiddle\u00a0\u00bb][vc_column width=\u00a0\u00bb3\/5&Prime;][vc_custom_heading text=\u00a0\u00bbFaites un pas en avant. Combattez la pauvret\u00e9 dans le monde.\u00a0\u00bb font_container=\u00a0\u00bbtag:h2|font_size:30|text_align:left\u00a0\u00bb google_fonts=\u00a0\u00bbfont_family:Poppins%3Aregular|font_style:700%20bold%20regular%3A700%3Anormal\u00a0\u00bb][vc_row_inner][vc_column_inner][vc_column_text]La Marche sera virtuelle\u2026<\/p>\n","protected":false},"author":2,"featured_media":0,"parent":0,"menu_order":0,"comment_status":"closed","ping_status":"closed","template":"","meta":{"footnotes":""},"class_list":["post-3615","page","type-page","status-publish","hentry"],"_links":{"self":[{"href":"https:\/\/www.worldpartnershipwalk.com\/fr\/wp-json\/wp\/v2\/pages\/3615","targetHints":{"allow":["GET"]}}],"collection":[{"href":"https:\/\/www.worldpartnershipwalk.com\/fr\/wp-json\/wp\/v2\/pages"}],"about":[{"href":"https:\/\/www.worldpartnershipwalk.com\/fr\/wp-json\/wp\/v2\/types\/page"}],"author":[{"embeddable":true,"href":"https:\/\/www.worldpartnershipwalk.com\/fr\/wp-json\/wp\/v2\/users\/2"}],"replies":[{"embeddable":true,"href":"https:\/\/www.worldpartnershipwalk.com\/fr\/wp-json\/wp\/v2\/comments?post=3615"}],"version-history":[{"count":6,"href":"https:\/\/www.worldpartnershipwalk.com\/fr\/wp-json\/wp\/v2\/pages\/3615\/revisions"}],"predecessor-version":[{"id":4865,"href":"https:\/\/www.worldpartnershipwalk.com\/fr\/wp-json\/wp\/v2\/pages\/3615\/revisions\/4865"}],"wp:attachment":[{"href":"https:\/\/www.worldpartnershipwalk.com\/fr\/wp-json\/wp\/v2\/media?parent=3615"}],"curies":[{"name":"wp","href":"https:\/\/api.w.org\/{rel}","templated":true}]}}