{"id":3626,"date":"2021-05-18T15:31:11","date_gmt":"2021-05-18T15:31:11","guid":{"rendered":"https:\/\/2021.worldpartnershipwalk.com\/london\/"},"modified":"2023-03-03T18:11:47","modified_gmt":"2023-03-03T18:11:47","slug":"london","status":"publish","type":"page","link":"https:\/\/www.worldpartnershipwalk.com\/fr\/villes\/london\/","title":{"rendered":"London"},"content":{"rendered":"<div class=\"wpb-content-wrapper\"><p>[vc_section][vc_row full_width=\u00a0\u00bbstretch_row\u00a0\u00bb content_placement=\u00a0\u00bbmiddle\u00a0\u00bb][vc_column width=\u00a0\u00bb2\/3&Prime; offset=\u00a0\u00bbvc_hidden-sm vc_hidden-xs\u00a0\u00bb][vc_custom_heading text=\u00a0\u00bbLa Marche des partenaires mondiaux 2023&Prime; font_container=\u00a0\u00bbtag:h2|font_size:30|text_align:left\u00a0\u00bb google_fonts=\u00a0\u00bbfont_family:Poppins%3Aregular|font_style:700%20bold%20regular%3A700%3Anormal\u00a0\u00bb][vc_column_text]Faites un pas en avant avec la Marche des partenaires mondiaux ce printemps. Cette ann\u00e9e, nous invitons les Canadiens et les Canadiennes de tout le pays \u00e0 marcher dans leur communaut\u00e9 pendant la semaine du 19 au 25 juin! Vous pouvez participer o\u00f9 vous voulez et organiser vous-m\u00eame votre marche individuelle ou avec votre \u00e9quipe, votre famille ou vos amis. Cela signifie que vous choisissez la date, l\u2019heure et le lieu qui vous conviennent le mieux, \u00e0 vous ou \u00e0 votre \u00e9quipe, pour marcher pendant la semaine du 19 au 25 juin!<\/p>\n<p>Qu\u2019il s\u2019agisse d\u2019une marche dans votre parc local, dans la cour de l\u2019\u00e9cole ou au bureau, vous saisirez l\u2019essence m\u00eame de ce qu\u2019a toujours \u00e9t\u00e9 la Marche des partenaires mondiaux : <strong>se rassembler pour lutter contre la pauvret\u00e9 dans le monde et montrer au monde que nous sommes l\u00e0 pour lui.<\/strong>[\/vc_column_text][\/vc_column][vc_column width=\u00a0\u00bb1\/3&Prime; offset=\u00a0\u00bbvc_hidden-sm vc_hidden-xs\u00a0\u00bb][vc_single_image image=\u00a0\u00bb6532&Prime; img_size=\u00a0\u00bblarge\u00a0\u00bb style=\u00a0\u00bbvc_box_rounded\u00a0\u00bb][\/vc_column][\/vc_row][vc_row full_width=\u00a0\u00bbstretch_row\u00a0\u00bb content_placement=\u00a0\u00bbmiddle\u00a0\u00bb][vc_column offset=\u00a0\u00bbvc_hidden-lg vc_hidden-md\u00a0\u00bb][vc_single_image image=\u00a0\u00bb6532&Prime; img_size=\u00a0\u00bblarge\u00a0\u00bb alignment=\u00a0\u00bbcenter\u00a0\u00bb style=\u00a0\u00bbvc_box_rounded\u00a0\u00bb][vc_custom_heading text=\u00a0\u00bbLa Marche des partenaires mondiaux 2023&Prime; font_container=\u00a0\u00bbtag:h2|font_size:30|text_align:center\u00a0\u00bb google_fonts=\u00a0\u00bbfont_family:Poppins%3Aregular|font_style:700%20bold%20regular%3A700%3Anormal\u00a0\u00bb][vc_column_text]Faites un pas en avant avec la Marche des partenaires mondiaux ce printemps. Cette ann\u00e9e, nous invitons les Canadiens et les Canadiennes de tout le pays \u00e0 marcher dans leur communaut\u00e9 pendant la semaine du 19 au 25 juin! Vous pouvez participer o\u00f9 vous voulez et organiser vous-m\u00eame votre marche individuelle ou avec votre \u00e9quipe, votre famille ou vos amis. Cela signifie que vous choisissez la date, l\u2019heure et le lieu qui vous conviennent le mieux, \u00e0 vous ou \u00e0 votre \u00e9quipe, pour marcher pendant la semaine du 19 au 25 juin!<\/p>\n<p>Qu\u2019il s\u2019agisse d\u2019une marche dans votre parc local, dans la cour de l\u2019\u00e9cole ou au bureau, vous saisirez l\u2019essence m\u00eame de ce qu\u2019a toujours \u00e9t\u00e9 la Marche des partenaires mondiaux : <strong>se rassembler pour lutter contre la pauvret\u00e9 dans le monde et montrer au monde que nous sommes l\u00e0 pour lui.<\/strong>[\/vc_column_text][\/vc_column][\/vc_row][vc_row][vc_column offset=\u00a0\u00bbvc_hidden-sm vc_hidden-xs\u00a0\u00bb][vc_separator][vc_row_inner][vc_column_inner width=\u00a0\u00bb1\/3&Prime; offset=\u00a0\u00bbvc_hidden-sm vc_hidden-xs\u00a0\u00bb][vc_single_image image=\u00a0\u00bb6536&Prime; img_size=\u00a0\u00bblarge\u00a0\u00bb style=\u00a0\u00bbvc_box_rounded\u00a0\u00bb][\/vc_column_inner][vc_column_inner width=\u00a0\u00bb2\/3&Prime; offset=\u00a0\u00bbvc_hidden-sm vc_hidden-xs\u00a0\u00bb][vc_custom_heading text=\u00a0\u00bbVotre impact\u00a0\u00bb font_container=\u00a0\u00bbtag:h2|font_size:30|text_align:left\u00a0\u00bb google_fonts=\u00a0\u00bbfont_family:Poppins%3Aregular|font_style:700%20bold%20regular%3A700%3Anormal\u00a0\u00bb][vc_column_text]En faisant un pas en avant, vous soutenez un large \u00e9ventail d\u2019activit\u00e9s qui visent \u00e0 lutter contre la pauvret\u00e9 en Afrique et en Asie, notamment des programmes destin\u00e9s \u00e0 am\u00e9liorer les soins de sant\u00e9, l\u2019\u00e9ducation et la r\u00e9sistance aux changements climatiques, tout en promouvant l\u2019\u00e9galit\u00e9 entre les genres. Que vous marchiez ou fassiez un don, vos contributions aident \u00e0 mettre en lien les communaut\u00e9s \u00e9loign\u00e9es avec les services de sant\u00e9, \u00e0 garantir l\u2019acc\u00e8s des enfants \u00e0 une \u00e9ducation de qualit\u00e9 et \u00e0 aider les familles \u00e0 se construire un avenir meilleur.[\/vc_column_text][\/vc_column_inner][\/vc_row_inner][\/vc_column][\/vc_row][vc_row][vc_column width=\u00a0\u00bb1\/2&Prime; offset=\u00a0\u00bbvc_hidden-sm vc_hidden-xs\u00a0\u00bb][vc_btn title=\u00a0\u00bbS\u2019inscrire\u00a0\u00bb style=\u00a0\u00bbcustom\u00a0\u00bb custom_background=\u00a0\u00bb#f37121&Prime; custom_text=\u00a0\u00bb#ffffff\u00a0\u00bb size=\u00a0\u00bblg\u00a0\u00bb align=\u00a0\u00bbright\u00a0\u00bb link=\u00a0\u00bburl:%2Ffr%2Flondon-inscription%2F|title:London%20Inscription\u00a0\u00bb][\/vc_column][vc_column width=\u00a0\u00bb1\/2&Prime; offset=\u00a0\u00bbvc_hidden-sm vc_hidden-xs\u00a0\u00bb][vc_btn title=\u00a0\u00bbFaire un don\u00a0\u00bb style=\u00a0\u00bbcustom\u00a0\u00bb custom_background=\u00a0\u00bb#f37121&Prime; custom_text=\u00a0\u00bb#ffffff\u00a0\u00bb size=\u00a0\u00bblg\u00a0\u00bb align=\u00a0\u00bbleft\u00a0\u00bb link=\u00a0\u00bburl:https%3A%2F%2Fsecure3.convio.net%2Fakfc%2Fsite%2FTR%2F2022WPW%2FGeneral%3Bjsessionid%3D00000000.app30063a%3Fpg%3Dpfind%26fr_id%3D1700%26s_locale%3Dfr_CA%26NONCE_TOKEN%3D38EC75EC49A863801DC14D13A030F9E8|title:Faire%20un%20don\u00a0\u00bb][\/vc_column][\/vc_row][vc_row][vc_column offset=\u00a0\u00bbvc_hidden-lg vc_hidden-md\u00a0\u00bb][vc_separator][vc_single_image image=\u00a0\u00bb6536&Prime; img_size=\u00a0\u00bblarge\u00a0\u00bb alignment=\u00a0\u00bbcenter\u00a0\u00bb style=\u00a0\u00bbvc_box_rounded\u00a0\u00bb][vc_custom_heading text=\u00a0\u00bbVotre impact\u00a0\u00bb font_container=\u00a0\u00bbtag:h2|font_size:30|text_align:center\u00a0\u00bb google_fonts=\u00a0\u00bbfont_family:Poppins%3Aregular|font_style:700%20bold%20regular%3A700%3Anormal\u00a0\u00bb][vc_column_text]En faisant un pas en avant, vous soutenez un large \u00e9ventail d\u2019activit\u00e9s qui visent \u00e0 lutter contre la pauvret\u00e9 en Afrique et en Asie, notamment des programmes destin\u00e9s \u00e0 am\u00e9liorer les soins de sant\u00e9, l\u2019\u00e9ducation et la r\u00e9sistance aux changements climatiques, tout en promouvant l\u2019\u00e9galit\u00e9 entre les genres. Que vous marchiez ou fassiez un don, vos contributions aident \u00e0 mettre en lien les communaut\u00e9s \u00e9loign\u00e9es avec les services de sant\u00e9, \u00e0 garantir l\u2019acc\u00e8s des enfants \u00e0 une \u00e9ducation de qualit\u00e9 et \u00e0 aider les familles \u00e0 se construire un avenir meilleur.[\/vc_column_text][\/vc_column][\/vc_row][vc_row][vc_column offset=\u00a0\u00bbvc_hidden-lg vc_hidden-md\u00a0\u00bb][vc_btn title=\u00a0\u00bbS\u2019inscrire\u00a0\u00bb style=\u00a0\u00bbcustom\u00a0\u00bb custom_background=\u00a0\u00bb#f37121&Prime; custom_text=\u00a0\u00bb#ffffff\u00a0\u00bb size=\u00a0\u00bblg\u00a0\u00bb align=\u00a0\u00bbcenter\u00a0\u00bb link=\u00a0\u00bburl:%2Ffr%2Flondon-inscription%2F|title:London%20Inscription\u00a0\u00bb][vc_btn title=\u00a0\u00bbFaire un don\u00a0\u00bb style=\u00a0\u00bbcustom\u00a0\u00bb custom_background=\u00a0\u00bb#f37121&Prime; custom_text=\u00a0\u00bb#ffffff\u00a0\u00bb size=\u00a0\u00bblg\u00a0\u00bb align=\u00a0\u00bbcenter\u00a0\u00bb link=\u00a0\u00bburl:https%3A%2F%2Fsecure3.convio.net%2Fakfc%2Fsite%2FTR%2F2022WPW%2FGeneral%3Bjsessionid%3D00000000.app30063a%3Fpg%3Dpfind%26fr_id%3D1700%26s_locale%3Dfr_CA%26NONCE_TOKEN%3D38EC75EC49A863801DC14D13A030F9E8|title:Faire%20un%20don\u00a0\u00bb][\/vc_column][\/vc_row][vc_row][vc_column][vc_empty_space][\/vc_column][\/vc_row][\/vc_section][vc_row full_width=\u00a0\u00bbstretch_row\u00a0\u00bb css=\u00a0\u00bb.vc_custom_1625685850604{background-color: #fafafa !important;}\u00a0\u00bb][vc_column][vc_empty_space][vc_custom_heading text=\u00a0\u00bbInformation suppl\u00e9mentaire\u00a0\u00bb font_container=\u00a0\u00bbtag:h2|font_size:30|text_align:center\u00a0\u00bb google_fonts=\u00a0\u00bbfont_family:Poppins%3Aregular|font_style:700%20bold%20regular%3A700%3Anormal\u00a0\u00bb][vc_empty_space][vc_tta_accordion style=\u00a0\u00bbmodern\u00a0\u00bb color=\u00a0\u00bbwhite\u00a0\u00bb c_icon=\u00a0\u00bbtriangle\u00a0\u00bb active_section=\u00a0\u00bbnon-existing\u00a0\u00bb][vc_tta_section title=\u00a0\u00bbOutils de collecte de fonds\u00a0\u00bb tab_id=\u00a0\u00bb1621271671068-76e25873-4ee11c83-bce2d91f-f21cae29-bf83&Prime;][vc_column_text]Tirez le meilleur parti de vos efforts de collecte de fonds \u00e0 l\u2019aide de nos outils de collecte de fonds. De nos outils de collecte de fonds au centre des participants et des ressources suppl\u00e9mentaires, vous trouverez un soutien qui vous aidera \u00e0 d\u00e9marrer et \u00e0 atteindre votre objectif.\u00a0<a href=\"https:\/\/www.worldpartnershipwalk.com\/fr\/trousses-doutils\/\">Consultez les outils!<\/a>[\/vc_column_text][\/vc_tta_section][vc_tta_section title=\u00a0\u00bbT-shirt et r\u00e9compenses de la Marche 2023&Prime; tab_id=\u00a0\u00bb1621359911752-8a154e82-c69d1c83-bce2d91f-f21cae29-bf83&Prime;][vc_column_text]En tant que participant(e), vous pourriez gagner un t-shirt de la Marche 2023 en collectant 250 $ ou plus. Assurez-vous de recueillir le montant minimum avant le 31 mai pour obtenir votre t-shirt \u00e0 temps pour la semaine du 19 au 25 juin. <a href=\"https:\/\/www.worldpartnershipwalk.com\/fr\/fundraising-recognition\/\">Visitez la page des r\u00e9compenses pour plus de d\u00e9tails.<\/a><\/p>\n<p><span data-ccp-props=\"{}\">\u00a0<\/span>[\/vc_column_text][\/vc_tta_section][vc_tta_section title=\u00a0\u00bbD\u00e9fis et l\u2019appli de la Marche\u00a0\u00bb tab_id=\u00a0\u00bb1621271566539-64693899-51901c83-bce2d91f-f21cae29-bf83&Prime;][vc_column_text]T\u00e9l\u00e9chargez notre application et partagez votre exp\u00e9rience de la marche avec votre r\u00e9seau depuis le creux de votre main. Avec l&rsquo;application, vous pouvez v\u00e9rifier votre progression, envoyer des messages, suivre votre activit\u00e9 physique et relever des d\u00e9fis ! <a href=\"https:\/\/www.worldpartnershipwalk.com\/fr\/application-mobile\/\">Cliquez ici pour en savoir plus.<\/a>[\/vc_column_text][\/vc_tta_section][\/vc_tta_accordion][vc_empty_space][\/vc_column][\/vc_row][vc_section disable_element=\u00a0\u00bbyes\u00a0\u00bb][vc_row][vc_column][vc_empty_space][\/vc_column][\/vc_row][vc_row full_width=\u00a0\u00bbstretch_row_content_no_spaces\u00a0\u00bb][vc_column][vc_custom_heading text=\u00a0\u00bbCommanditaires de la Marche des partenaires mondiaux Ottawa\u00a0\u00bb font_container=\u00a0\u00bbtag:h2|font_size:30px|text_align:center|color:%23222222&Prime; google_fonts=\u00a0\u00bbfont_family:Poppins%3Aregular|font_style:700%20bold%20regular%3A700%3Anormal\u00a0\u00bb css=\u00a0\u00bb.vc_custom_1649188360837{background-position: center !important;background-repeat: no-repeat !important;background-size: cover !important;}\u00a0\u00bb][\/vc_column][\/vc_row][vc_row][vc_column][vc_row_inner][vc_column_inner width=\u00a0\u00bb1\/2&Prime;][\/vc_column_inner][vc_column_inner width=\u00a0\u00bb1\/2&Prime;][\/vc_column_inner][\/vc_row_inner][\/vc_column][\/vc_row][vc_row full_width=\u00a0\u00bbstretch_row_content_no_spaces\u00a0\u00bb][vc_column][vc_custom_heading text=\u00a0\u00bbCommanditaire transformationnel\u00a0\u00bb font_container=\u00a0\u00bbtag:h2|font_size:30px|text_align:center|color:%23222222&Prime; google_fonts=\u00a0\u00bbfont_family:Poppins%3Aregular|font_style:700%20bold%20regular%3A700%3Anormal\u00a0\u00bb css=\u00a0\u00bb.vc_custom_1649188153565{background-position: center !important;background-repeat: no-repeat !important;background-size: cover !important;}\u00a0\u00bb][\/vc_column][\/vc_row][vc_row][vc_column][vc_row_inner][vc_column_inner width=\u00a0\u00bb1\/2&Prime;][\/vc_column_inner][vc_column_inner width=\u00a0\u00bb1\/2&Prime;][\/vc_column_inner][\/vc_row_inner][\/vc_column][\/vc_row][vc_row full_width=\u00a0\u00bbstretch_row_content_no_spaces\u00a0\u00bb][vc_column][vc_custom_heading text=\u00a0\u00bbCommanditaires visionnaires\u00a0\u00bb font_container=\u00a0\u00bbtag:h2|font_size:30px|text_align:center|color:%23222222&Prime; google_fonts=\u00a0\u00bbfont_family:Poppins%3Aregular|font_style:700%20bold%20regular%3A700%3Anormal\u00a0\u00bb css=\u00a0\u00bb.vc_custom_1649188172881{background-position: center !important;background-repeat: no-repeat !important;background-size: cover !important;}\u00a0\u00bb][\/vc_column][\/vc_row][vc_row][vc_column][vc_row_inner][vc_column_inner width=\u00a0\u00bb1\/3&Prime;][\/vc_column_inner][vc_column_inner width=\u00a0\u00bb1\/3&Prime;][\/vc_column_inner][vc_column_inner width=\u00a0\u00bb1\/3&Prime;][\/vc_column_inner][\/vc_row_inner][\/vc_column][\/vc_row][vc_row full_width=\u00a0\u00bbstretch_row_content_no_spaces\u00a0\u00bb][vc_column][vc_custom_heading text=\u00a0\u00bbCommanditaires cr\u00e9ateurs de changement\u00a0\u00bb font_container=\u00a0\u00bbtag:h2|font_size:30px|text_align:center|color:%23222222&Prime; google_fonts=\u00a0\u00bbfont_family:Poppins%3Aregular|font_style:700%20bold%20regular%3A700%3Anormal\u00a0\u00bb css=\u00a0\u00bb.vc_custom_1649188195518{background-position: center !important;background-repeat: no-repeat !important;background-size: cover !important;}\u00a0\u00bb][\/vc_column][\/vc_row][vc_row][vc_column][vc_row_inner][vc_column_inner width=\u00a0\u00bb1\/4&Prime;][\/vc_column_inner][vc_column_inner width=\u00a0\u00bb1\/4&Prime;][\/vc_column_inner][vc_column_inner width=\u00a0\u00bb1\/4&Prime;][\/vc_column_inner][vc_column_inner width=\u00a0\u00bb1\/4&Prime;][\/vc_column_inner][\/vc_row_inner][\/vc_column][\/vc_row][\/vc_section]<\/p>\n<\/div>","protected":false},"excerpt":{"rendered":"<p>[vc_section][vc_row full_width=\u00a0\u00bbstretch_row\u00a0\u00bb content_placement=\u00a0\u00bbmiddle\u00a0\u00bb][vc_column width=\u00a0\u00bb2\/3&Prime; offset=\u00a0\u00bbvc_hidden-sm vc_hidden-xs\u00a0\u00bb][vc_custom_heading text=\u00a0\u00bbLa Marche des partenaires mondiaux 2023&Prime; font_container=\u00a0\u00bbtag:h2|font_size:30|text_align:left\u00a0\u00bb google_fonts=\u00a0\u00bbfont_family:Poppins%3Aregular|font_style:700%20bold%20regular%3A700%3Anormal\u00a0\u00bb][vc_column_text]Faites un pas en avant avec la\u2026<\/p>\n","protected":false},"author":2,"featured_media":0,"parent":3637,"menu_order":0,"comment_status":"closed","ping_status":"closed","template":"","meta":{"footnotes":""},"class_list":["post-3626","page","type-page","status-publish","hentry"],"_links":{"self":[{"href":"https:\/\/www.worldpartnershipwalk.com\/fr\/wp-json\/wp\/v2\/pages\/3626","targetHints":{"allow":["GET"]}}],"collection":[{"href":"https:\/\/www.worldpartnershipwalk.com\/fr\/wp-json\/wp\/v2\/pages"}],"about":[{"href":"https:\/\/www.worldpartnershipwalk.com\/fr\/wp-json\/wp\/v2\/types\/page"}],"author":[{"embeddable":true,"href":"https:\/\/www.worldpartnershipwalk.com\/fr\/wp-json\/wp\/v2\/users\/2"}],"replies":[{"embeddable":true,"href":"https:\/\/www.worldpartnershipwalk.com\/fr\/wp-json\/wp\/v2\/comments?post=3626"}],"version-history":[{"count":17,"href":"https:\/\/www.worldpartnershipwalk.com\/fr\/wp-json\/wp\/v2\/pages\/3626\/revisions"}],"predecessor-version":[{"id":7531,"href":"https:\/\/www.worldpartnershipwalk.com\/fr\/wp-json\/wp\/v2\/pages\/3626\/revisions\/7531"}],"up":[{"embeddable":true,"href":"https:\/\/www.worldpartnershipwalk.com\/fr\/wp-json\/wp\/v2\/pages\/3637"}],"wp:attachment":[{"href":"https:\/\/www.worldpartnershipwalk.com\/fr\/wp-json\/wp\/v2\/media?parent=3626"}],"curies":[{"name":"wp","href":"https:\/\/api.w.org\/{rel}","templated":true}]}}